{"version":"1.0","provider_name":"In Medias Res - \u010casopis  centra za filozofiju medija","provider_url":"https:\/\/centar-fm.org\/inmediasres","author_name":"Super User","author_url":"https:\/\/centar-fm.org\/inmediasres\/index.php\/author\/amynovcfmweb\/","title":"naslovnica br.3 - In Medias Res - \u010casopis centra za filozofiju medija","type":"rich","width":600,"height":338,"html":"<blockquote class=\"wp-embedded-content\" data-secret=\"rB0Krpwj7U\"><a href=\"https:\/\/centar-fm.org\/inmediasres\/index.php\/naslov3\/\">naslovnica br.3<\/a><\/blockquote><iframe sandbox=\"allow-scripts\" security=\"restricted\" src=\"https:\/\/centar-fm.org\/inmediasres\/index.php\/naslov3\/embed\/#?secret=rB0Krpwj7U\" width=\"600\" height=\"338\" title=\"&#8220;naslovnica br.3&#8221; &#8212; In Medias Res - \u010casopis  centra za filozofiju medija\" data-secret=\"rB0Krpwj7U\" frameborder=\"0\" marginwidth=\"0\" marginheight=\"0\" scrolling=\"no\" class=\"wp-embedded-content\"><\/iframe><script type=\"text\/javascript\">\n\/* <![CDATA[ *\/\n\/*! This file is auto-generated *\/\n!function(d,l){\"use strict\";l.querySelector&&d.addEventListener&&\"undefined\"!=typeof URL&&(d.wp=d.wp||{},d.wp.receiveEmbedMessage||(d.wp.receiveEmbedMessage=function(e){var t=e.data;if((t||t.secret||t.message||t.value)&&!\/[^a-zA-Z0-9]\/.test(t.secret)){for(var s,r,n,a=l.querySelectorAll('iframe[data-secret=\"'+t.secret+'\"]'),o=l.querySelectorAll('blockquote[data-secret=\"'+t.secret+'\"]'),c=new RegExp(\"^https?:$\",\"i\"),i=0;i<o.length;i++)o[i].style.display=\"none\";for(i=0;i<a.length;i++)s=a[i],e.source===s.contentWindow&&(s.removeAttribute(\"style\"),\"height\"===t.message?(1e3<(r=parseInt(t.value,10))?r=1e3:~~r<200&&(r=200),s.height=r):\"link\"===t.message&&(r=new URL(s.getAttribute(\"src\")),n=new URL(t.value),c.test(n.protocol))&&n.host===r.host&&l.activeElement===s&&(d.top.location.href=t.value))}},d.addEventListener(\"message\",d.wp.receiveEmbedMessage,!1),l.addEventListener(\"DOMContentLoaded\",function(){for(var e,t,s=l.querySelectorAll(\"iframe.wp-embedded-content\"),r=0;r<s.length;r++)(t=(e=s[r]).getAttribute(\"data-secret\"))||(t=Math.random().toString(36).substring(2,12),e.src+=\"#?secret=\"+t,e.setAttribute(\"data-secret\",t)),e.contentWindow.postMessage({message:\"ready\",secret:t},\"*\")},!1)))}(window,document);\n\/\/# sourceURL=https:\/\/centar-fm.org\/inmediasres\/wp-includes\/js\/wp-embed.min.js\n\/* ]]> *\/\n<\/script>\n","thumbnail_url":"https:\/\/centar-fm.org\/inmediasres\/wp-content\/uploads\/sites\/2\/2011\/11\/inmediasresno03iii.jpg","thumbnail_width":592,"thumbnail_height":868,"description":"&nbsp; IN MEDIAS RES \u010dasopis filozofije medija &nbsp; Izdava\u010d \u010dasopisa: Centar za filozofiju medija i mediolo\u0161ka istra\u017eivanja (Zagreb) &nbsp; Adresa: Petrovogorska 18, 10000 Zagreb &nbsp; E-mail: inmediasres@centar-fm.org &nbsp; GODINA 2 (2013) broj 3 &nbsp; \u010casopis je otvorenog pristupa, a ovo djelo je dano na kori\u0161tenje pod licencom Creative Commons Imenovanje-Nekomercijalno 4.0 me\u0111unarodna. &nbsp; ISSN 1848-6304 [&hellip;]"}