{"version":"1.0","provider_name":"In Medias Res - \u010casopis  centra za filozofiju medija","provider_url":"https:\/\/centar-fm.org\/inmediasres","author_name":"admin","author_url":"https:\/\/centar-fm.org\/inmediasres\/index.php\/author\/mirsaddubravic\/","title":"Umije\u0107e kratke forme: Fincijeva aforisti\u010dka filozofija - In Medias Res - \u010casopis centra za filozofiju medija","type":"rich","width":600,"height":338,"html":"<blockquote class=\"wp-embedded-content\" data-secret=\"QcNLVJQJ9t\"><a href=\"https:\/\/centar-fm.org\/inmediasres\/index.php\/umijece-kratke-forme-fincijeva-aforisticka-filozofija\/\">Umije\u0107e kratke forme: Fincijeva aforisti\u010dka filozofija<\/a><\/blockquote><iframe sandbox=\"allow-scripts\" security=\"restricted\" src=\"https:\/\/centar-fm.org\/inmediasres\/index.php\/umijece-kratke-forme-fincijeva-aforisticka-filozofija\/embed\/#?secret=QcNLVJQJ9t\" width=\"600\" height=\"338\" title=\"&#8220;Umije\u0107e kratke forme: Fincijeva aforisti\u010dka filozofija&#8221; &#8212; In Medias Res - \u010casopis  centra za filozofiju medija\" data-secret=\"QcNLVJQJ9t\" frameborder=\"0\" marginwidth=\"0\" marginheight=\"0\" scrolling=\"no\" class=\"wp-embedded-content\"><\/iframe><script type=\"text\/javascript\">\n\/* <![CDATA[ *\/\n\/*! This file is auto-generated *\/\n!function(d,l){\"use strict\";l.querySelector&&d.addEventListener&&\"undefined\"!=typeof URL&&(d.wp=d.wp||{},d.wp.receiveEmbedMessage||(d.wp.receiveEmbedMessage=function(e){var t=e.data;if((t||t.secret||t.message||t.value)&&!\/[^a-zA-Z0-9]\/.test(t.secret)){for(var s,r,n,a=l.querySelectorAll('iframe[data-secret=\"'+t.secret+'\"]'),o=l.querySelectorAll('blockquote[data-secret=\"'+t.secret+'\"]'),c=new RegExp(\"^https?:$\",\"i\"),i=0;i<o.length;i++)o[i].style.display=\"none\";for(i=0;i<a.length;i++)s=a[i],e.source===s.contentWindow&&(s.removeAttribute(\"style\"),\"height\"===t.message?(1e3<(r=parseInt(t.value,10))?r=1e3:~~r<200&&(r=200),s.height=r):\"link\"===t.message&&(r=new URL(s.getAttribute(\"src\")),n=new URL(t.value),c.test(n.protocol))&&n.host===r.host&&l.activeElement===s&&(d.top.location.href=t.value))}},d.addEventListener(\"message\",d.wp.receiveEmbedMessage,!1),l.addEventListener(\"DOMContentLoaded\",function(){for(var e,t,s=l.querySelectorAll(\"iframe.wp-embedded-content\"),r=0;r<s.length;r++)(t=(e=s[r]).getAttribute(\"data-secret\"))||(t=Math.random().toString(36).substring(2,12),e.src+=\"#?secret=\"+t,e.setAttribute(\"data-secret\",t)),e.contentWindow.postMessage({message:\"ready\",secret:t},\"*\")},!1)))}(window,document);\n\/\/# sourceURL=https:\/\/centar-fm.org\/inmediasres\/wp-includes\/js\/wp-embed.min.js\n\/* ]]> *\/\n<\/script>\n","thumbnail_url":"https:\/\/centar-fm.org\/inmediasres\/wp-content\/uploads\/sites\/2\/2025\/08\/image-29.png","thumbnail_width":593,"thumbnail_height":754,"description":"Goran Sunajko gsunajko@ffzg.hr&nbsp; \u201eMala, uska vrata, otvaraju cijeli svijet\u201c Gaston Bachelard, La Po\u00e9tique de l\u02bcEspace Uvod: fragmentizam Otvaranje Ane Karenjine&nbsp;aforizmom: \u201esve sretne obitelji sli\u010de jedna drugoj; svaka nesretna obitelj nesretna je na svoj na\u010din\u201c prikazuje svu silinu ove knji\u017eevne forme. U povijesti knji\u017eevnoga i filozofskog izraza kratka je forma bila tek neznatno zastupljena u odnosu [&hellip;]"}